{"id":1188,"date":"2024-02-21T12:50:07","date_gmt":"2024-02-21T12:50:07","guid":{"rendered":"https:\/\/www.mountainpalcoyo.com\/es\/?post_type=product&#038;p=1188"},"modified":"2025-03-29T13:52:14","modified_gmt":"2025-03-29T13:52:14","slug":"transporte-turistico-privado-cusco-a-pisac","status":"publish","type":"product","link":"https:\/\/www.mountainpalcoyo.com\/es\/tours\/transporte-turistico-privado-cusco-a-pisac\/","title":{"rendered":"Transporte tur\u00edstico privado Cusco a Pisac"},"content":{"rendered":"<p><strong>Transporte tur\u00edstico privado Cusco a Pisac<\/strong>. Nuestra agencia <a href=\"https:\/\/www.mountainpalcoyo.com\/tours\/tour-palcoyo-mountain\/\" target=\"_blank\" rel=\"noopener\">Mountain palcoyo<\/a> tambi\u00e9n ofrece el servicio de traslado desde Cusco, Hotel en Cusco o Airbnb a Pisac, solo debes indicarnos tu direcci\u00f3n exacta en Pisac, tambi\u00e9n ofrecemos el traslado privado de <a href=\"https:\/\/www.cuscoairporttransport.com\/es\/tours\/traslado-privado-cusco-a-pisac\/\" target=\"_blank\" rel=\"noopener\">Pisac a Cusco<\/a>, Hotel en Cusco o <a href=\"https:\/\/www.trasladosaeropuertocusco.com\/tours\/traslado-aeropuerto-cusco-a-hotel-en-cusco\/\" target=\"_blank\" rel=\"noopener\">Aeropuerto Cusco<\/a>. Tenemos salidas diarias y contamos con diferentes tipos de unidades: autos, camionetas, van, Renault y Sprinter.<\/p>\n<p>La <strong>ciudad de Pisac<\/strong> se encuentra a 45 minutos del Cusco aproximadamente, el tiempo de viaje puede variar todo depender\u00e1 del tr\u00e1fico de la ciudad.<\/p>\n<h2>Cusco a Pisac<\/h2>\n<table style=\"height: 86px;\" width=\"240\">\n<tbody>\n<tr>\n<td style=\"background-color: #d52b1e; border-color: #ffffff; text-align: center;\"><a href=\"https:\/\/wa.me\/51936286411\"><span style=\"color: #ffffff;\">Reservar Ahora<\/span><\/a><\/td>\n<\/tr>\n<\/tbody>\n<\/table>\n<p><strong>Salidas diarias<\/strong>: 24 Horas \/ Todos los d\u00edas<\/p>\n<p><strong>Incluye<\/strong>:<br \/>\n<i class=\"fa fa-check icon-tick icon-tick--on\"><\/i> Recojo en Cusco<br \/>\n<i class=\"fa fa-check icon-tick icon-tick--on\"><\/i> Movilidad y conductor<br \/>\n<i class=\"fa fa-check icon-tick icon-tick--on\"><\/i> Drop off en Pisac<\/p>\n<p>Para solicitar este <a href=\"https:\/\/www.mountainpalcoyo.com\/es\/traslado-cusco-ollantaytambo\/\" target=\"_blank\" rel=\"noopener\">traslado de Cusco<\/a> a Pisac o Pisac a Cusco debes indicar:<\/p>\n<p>\u2022 Nombres completos<br \/>\n\u2022 Direcci\u00f3n de recojo en Cusco<br \/>\n\u2022 N\u00famero de personas<br \/>\n\u2022 Fecha y hora de recojo<br \/>\n\u2022 Direccion en Pisac<\/p>\n<h2>Traslado Cusco a Pisac<\/h2>\n<p><img loading=\"lazy\" decoding=\"async\" class=\"alignnone size-full wp-image-1192\" src=\"https:\/\/www.mountainpalcoyo.com\/es\/wp-content\/uploads\/2024\/02\/traslados-pisac.jpg\" alt=\"traslados pisac\" width=\"800\" height=\"1000\" srcset=\"https:\/\/www.mountainpalcoyo.com\/es\/wp-content\/uploads\/2024\/02\/traslados-pisac.jpg 800w, https:\/\/www.mountainpalcoyo.com\/es\/wp-content\/uploads\/2024\/02\/traslados-pisac-240x300.jpg 240w, https:\/\/www.mountainpalcoyo.com\/es\/wp-content\/uploads\/2024\/02\/traslados-pisac-768x960.jpg 768w, https:\/\/www.mountainpalcoyo.com\/es\/wp-content\/uploads\/2024\/02\/traslados-pisac-600x750.jpg 600w\" sizes=\"auto, (max-width: 800px) 100vw, 800px\" \/><\/p>\n<p><img loading=\"lazy\" decoding=\"async\" class=\"alignnone size-full wp-image-1193\" src=\"https:\/\/www.mountainpalcoyo.com\/es\/wp-content\/uploads\/2024\/02\/pisac-cusco-traslado.jpg\" alt=\"pisac cusco traslado\" width=\"800\" height=\"1000\" srcset=\"https:\/\/www.mountainpalcoyo.com\/es\/wp-content\/uploads\/2024\/02\/pisac-cusco-traslado.jpg 800w, https:\/\/www.mountainpalcoyo.com\/es\/wp-content\/uploads\/2024\/02\/pisac-cusco-traslado-240x300.jpg 240w, https:\/\/www.mountainpalcoyo.com\/es\/wp-content\/uploads\/2024\/02\/pisac-cusco-traslado-768x960.jpg 768w, https:\/\/www.mountainpalcoyo.com\/es\/wp-content\/uploads\/2024\/02\/pisac-cusco-traslado-600x750.jpg 600w\" sizes=\"auto, (max-width: 800px) 100vw, 800px\" \/><\/p>\n<p><img loading=\"lazy\" decoding=\"async\" class=\"alignnone size-full wp-image-1194\" src=\"https:\/\/www.mountainpalcoyo.com\/es\/wp-content\/uploads\/2024\/02\/pisac-traslados.jpg\" alt=\"pisac traslados\" width=\"800\" height=\"1000\" srcset=\"https:\/\/www.mountainpalcoyo.com\/es\/wp-content\/uploads\/2024\/02\/pisac-traslados.jpg 800w, https:\/\/www.mountainpalcoyo.com\/es\/wp-content\/uploads\/2024\/02\/pisac-traslados-240x300.jpg 240w, https:\/\/www.mountainpalcoyo.com\/es\/wp-content\/uploads\/2024\/02\/pisac-traslados-768x960.jpg 768w, https:\/\/www.mountainpalcoyo.com\/es\/wp-content\/uploads\/2024\/02\/pisac-traslados-600x750.jpg 600w\" sizes=\"auto, (max-width: 800px) 100vw, 800px\" \/><\/p>\n<p><img loading=\"lazy\" decoding=\"async\" class=\"alignnone size-full wp-image-1195\" src=\"https:\/\/www.mountainpalcoyo.com\/es\/wp-content\/uploads\/2024\/02\/pisac-cusco.jpg\" alt=\"pisac cusco\" width=\"800\" height=\"1000\" srcset=\"https:\/\/www.mountainpalcoyo.com\/es\/wp-content\/uploads\/2024\/02\/pisac-cusco.jpg 800w, https:\/\/www.mountainpalcoyo.com\/es\/wp-content\/uploads\/2024\/02\/pisac-cusco-240x300.jpg 240w, https:\/\/www.mountainpalcoyo.com\/es\/wp-content\/uploads\/2024\/02\/pisac-cusco-768x960.jpg 768w, https:\/\/www.mountainpalcoyo.com\/es\/wp-content\/uploads\/2024\/02\/pisac-cusco-600x750.jpg 600w\" sizes=\"auto, (max-width: 800px) 100vw, 800px\" \/><\/p>\n","protected":false},"excerpt":{"rendered":"<div class=\"padding-top text-center\"><a href=\"https:\/\/www.mountainpalcoyo.com\/es\/tours\/transporte-turistico-privado-cusco-a-pisac\/\" class=\"atbtn atbtn--medium atbtn--rounded atbtn--transparent\">Read more<i class=\"atbtn__icon atbtn__icon--right fa fa-long-arrow-right\"><\/i><\/a><\/div>\n","protected":false},"featured_media":1190,"comment_status":"closed","ping_status":"closed","template":"","meta":[],"product_brand":[],"product_cat":[67],"product_tag":[],"class_list":{"0":"post-1188","1":"product","2":"type-product","3":"status-publish","4":"has-post-thumbnail","6":"product_cat-traslados-privados","7":"tour_category-traslados-privados","9":"first","10":"instock","11":"shipping-taxable","12":"product-type-tour"},"aioseo_notices":[],"amp_enabled":true,"_links":{"self":[{"href":"https:\/\/www.mountainpalcoyo.com\/es\/wp-json\/wp\/v2\/product\/1188","targetHints":{"allow":["GET"]}}],"collection":[{"href":"https:\/\/www.mountainpalcoyo.com\/es\/wp-json\/wp\/v2\/product"}],"about":[{"href":"https:\/\/www.mountainpalcoyo.com\/es\/wp-json\/wp\/v2\/types\/product"}],"replies":[{"embeddable":true,"href":"https:\/\/www.mountainpalcoyo.com\/es\/wp-json\/wp\/v2\/comments?post=1188"}],"wp:featuredmedia":[{"embeddable":true,"href":"https:\/\/www.mountainpalcoyo.com\/es\/wp-json\/wp\/v2\/media\/1190"}],"wp:attachment":[{"href":"https:\/\/www.mountainpalcoyo.com\/es\/wp-json\/wp\/v2\/media?parent=1188"}],"wp:term":[{"taxonomy":"product_brand","embeddable":true,"href":"https:\/\/www.mountainpalcoyo.com\/es\/wp-json\/wp\/v2\/product_brand?post=1188"},{"taxonomy":"product_cat","embeddable":true,"href":"https:\/\/www.mountainpalcoyo.com\/es\/wp-json\/wp\/v2\/product_cat?post=1188"},{"taxonomy":"product_tag","embeddable":true,"href":"https:\/\/www.mountainpalcoyo.com\/es\/wp-json\/wp\/v2\/product_tag?post=1188"}],"curies":[{"name":"wp","href":"https:\/\/api.w.org\/{rel}","templated":true}]}}